{"id":62,"date":"2025-12-17T15:04:48","date_gmt":"2025-12-17T14:04:48","guid":{"rendered":"http:\/\/buzz4job.be\/proforma\/?page_id=62"},"modified":"2025-12-17T15:04:48","modified_gmt":"2025-12-17T14:04:48","slug":"les-tic-au-service-de-lorientation-professionnelle","status":"publish","type":"page","link":"https:\/\/buzz4job.be\/proforma\/les-tic-au-service-de-lorientation-professionnelle\/","title":{"rendered":"Les TIC au service de l&rsquo;orientation professionnelle"},"content":{"rendered":"<h2>Objectifs<\/h2>\n<p>L\u2019objectif majeur de la formation est l\u2019orientation professionnelle, avec confirmation du projet gr\u00e2ce \u00e0 des stages d\u2019acculturation et d\u00e9finition d\u2019un plan d\u2019actions r\u00e9aliste et concret.<\/p>\n<p>L\u2019usage des TIC sera g\u00e9n\u00e9ralis\u00e9 dans toutes les \u00e9tapes de la construction du projet (bilans, analyse du march\u00e9 de l\u2019emploi et des secteurs, visualisation des vid\u00e9os m\u00e9tiers, remise \u00e0 niveau dans les comp\u00e9tences de base, \u2026). Il permettra l\u2019extr\u00eame individualisation du processus, chacun avan\u00e7ant \u00e0 son rythme.<\/p>\n<p>Nous visons l\u2019autonomie et l\u2019adaptation aux changements dans la gestion de carri\u00e8re qui, de nos jours, n\u2019est plus lin\u00e9aire.<\/p>\n<p>L\u2019\u00e9veil aux TIC, dans leurs usages professionnels, vise aussi l\u2019apprentissage tout au long de la vie par les nouveaux moyens d\u2019acquisition de savoirs en ligne et collaboratifs et, bien s\u00fbr, le d\u00e9veloppement de l\u2019esprit critique face \u00e0 ces nouveaux modes de communication et de mise en r\u00e9seau.<\/p>\n<p>Enfin, l\u2019acquisition de techniques audiovisuelles permettra aux apprenants de d\u00e9velopper un portail \u00e0 destination du grand public en qu\u00eate de renouveau professionnel, recueil de leurs d\u00e9marches et rencontres avec les secteurs professionnels, partage d\u2019exp\u00e9riences dans une d\u00e9marche citoyenne, d\u00e9monstration de comp\u00e9tences personnelles et professionnelles \u00e0 destination du monde de l\u2019entreprise et appropriation des nouveaux modes d\u2019expression sur le Web.<\/p>\n<p>L\u2019objectif est aussi l\u2019acquisition des comportements socioprofessionnels et de comp\u00e9tences transversales n\u00e9cessaires \u00e0 l\u2019exercice du m\u00e9tier, au suivi d\u2019une formation professionnalisante.<\/p>\n<p>La formation se veut intensive, avec un rythme similaire aux formations qualifiantes \/ \u00e0 l&#8217;emploi. Elle est en cela aussi une excellente pr\u00e9paration \u00e0 leurs activit\u00e9s futures.<\/p>\n<p>La formation a une d\u00e9marche volontariste multisectorielle. La diversit\u00e9 des projets d\u00e9velopp\u00e9s et des publics apporte richesse et ouverture \u00e0 la diff\u00e9rence.<\/p>\n<p>La formation comprend :<br \/>\nBilans<br \/>\nOrientation professionnelle<br \/>\nApprendre \u00e0 apprendre<br \/>\nTechnologies informatiques<br \/>\nCitoyennet\u00e9<br \/>\nRecherche d\u2019emploi\/stages\/formations<br \/>\nCommunication professionnelle<br \/>\nRem\u00e9diations<br \/>\nAccompagnement psychosocial<br \/>\nStages<\/p>\n<h2>Public cible<\/h2>\n<p>Toute personne en r\u00e9flexion sur son projet professionnel, tous secteurs confondus.<br \/>\nAg\u00e9 de 18 ans et plus<br \/>\nNe plus \u00eatre soumis \u00e0 l&rsquo;obligation scolaire et \u00eatre inscrit au Forem en tant que demandeur d&#8217;emploi inoccup\u00e9<br \/>\nEt au moins une des conditions suivantes doit \u00eatre remplie (d\u00e9rogations possibles, contacter l&rsquo;op\u00e9rateur) :<br \/>\nDisposer au maximum du certificat d&rsquo;enseignement secondaire du deuxi\u00e8me degr\u00e9 ou d&rsquo;un titre \u00e9quivalent<br \/>\nAvoir une dur\u00e9e d&rsquo;inactivit\u00e9 d&rsquo;au moins 18 mois au cours des 24 mois qui pr\u00e9c\u00e8dent la date d&rsquo;entr\u00e9e en formation<br \/>\nEtre b\u00e9n\u00e9ficiaire du revenu d&rsquo;int\u00e9gration<br \/>\nEtre demandeur d&#8217;emploi qui r\u00e9int\u00e8gre le monde du travail (inoccup\u00e9 pendant les 3 ans pr\u00e9c\u00e9dents)<br \/>\nou<br \/>\nEtre consid\u00e9r\u00e9 comme personne \u00e9trang\u00e8re s\u00e9journant l\u00e9galement sur le territoire belge<br \/>\nB\u00e9n\u00e9ficier de l&rsquo;article 60 \u00a7 7 de la loi organique des CPAS<br \/>\nEtre incarc\u00e9r\u00e9 ou intern\u00e9 et pouvant \u00eatre lib\u00e9rable, plac\u00e9 en d\u00e9tention limit\u00e9e ou en lib\u00e9ration conditionnelle dans les trois ans<br \/>\nRelever de l&rsquo;INAMI ou de l&rsquo;AVIQ (fournir une attestation) et \u00eatre m\u00e9dicalement apte \u00e0 suivre un processus de formation\/insertion<br \/>\nD\u00e9rogation possible: contacter l&rsquo;op\u00e9rateur<br \/>\nEtre demandeur d\u2019emploi de nationalit\u00e9 \u00e9trang\u00e8re primo-arrivant (moins de 3 ans sur le territoire belge)<br \/>\nInt\u00e9r\u00eat pour les nouvelles technologies.<\/p>\n<h2>Informations utiles<\/h2>\n<p>Du 2 f\u00e9vrier au 10 juillet 2026<\/p>\n<p>577,5 heures de formation.<br \/>\n4 jours par semaine<br \/>\nUne convention avec le FOREM permet aux stagiaires d\u2019obtenir un contrat F70 bis qui donne droit :<\/p>\n<ul>\n<li>au remboursement forfaitaire des frais de transport,<\/li>\n<li>2 Eur bruts par heure de cours suivie<\/li>\n<li>une intervention \u00e9ventuelle dans les frais de cr\u00e8che ou de garderie.<\/li>\n<\/ul>\n<h2>Formation CISP (D\u00e9fi)<img decoding=\"async\" loading=\"lazy\" class=\"size-medium wp-image-43 alignright\" src=\"https:\/\/buzz4job.be\/proforma\/wp-content\/uploads\/2018\/03\/CISP_logo_RVB-265x300.jpg\" alt=\"\" width=\"265\" height=\"300\" srcset=\"https:\/\/buzz4job.be\/proforma\/wp-content\/uploads\/2018\/03\/CISP_logo_RVB-265x300.jpg 265w, https:\/\/buzz4job.be\/proforma\/wp-content\/uploads\/2018\/03\/CISP_logo_RVB-768x870.jpg 768w, https:\/\/buzz4job.be\/proforma\/wp-content\/uploads\/2018\/03\/CISP_logo_RVB-904x1024.jpg 904w\" sizes=\"(max-width: 265px) 100vw, 265px\" \/><\/h2>\n<h2>Inscription<\/h2>\n<div role=\"form\" class=\"wpcf7\" id=\"wpcf7-f85-o1\" lang=\"fr-FR\" dir=\"ltr\">\n<div class=\"screen-reader-response\"><\/div>\n<form action=\"\/proforma\/wp-json\/wp\/v2\/pages\/62#wpcf7-f85-o1\" method=\"post\" class=\"wpcf7-form\" novalidate=\"novalidate\">\n<div style=\"display: none;\">\n<input type=\"hidden\" name=\"_wpcf7\" value=\"85\" \/>\n<input type=\"hidden\" name=\"_wpcf7_version\" value=\"5.0.4\" \/>\n<input type=\"hidden\" name=\"_wpcf7_locale\" value=\"fr_FR\" \/>\n<input type=\"hidden\" name=\"_wpcf7_unit_tag\" value=\"wpcf7-f85-o1\" \/>\n<input type=\"hidden\" name=\"_wpcf7_container_post\" value=\"0\" \/>\n<\/div>\n<p><label> Votre nom (obligatoire)<br \/>\n    <span class=\"wpcf7-form-control-wrap your-name\"><input type=\"text\" name=\"your-name\" value=\"\" size=\"40\" class=\"wpcf7-form-control wpcf7-text wpcf7-validates-as-required\" aria-required=\"true\" aria-invalid=\"false\" \/><\/span> <\/label><\/p>\n<p><label> Votre adresse de messagerie (obligatoire)<br \/>\n    <span class=\"wpcf7-form-control-wrap your-email\"><input type=\"email\" name=\"your-email\" value=\"\" size=\"40\" class=\"wpcf7-form-control wpcf7-text wpcf7-email wpcf7-validates-as-required wpcf7-validates-as-email\" aria-required=\"true\" aria-invalid=\"false\" \/><\/span> <\/label><\/p>\n<p><label> Objet<br \/>\n    <span class=\"wpcf7-form-control-wrap your-subject\"><input type=\"text\" name=\"your-subject\" value=\"\" size=\"40\" class=\"wpcf7-form-control wpcf7-text\" aria-invalid=\"false\" \/><\/span> <\/label><\/p>\n<p><label> Votre message<br \/>\n    <span class=\"wpcf7-form-control-wrap your-message\"><textarea name=\"your-message\" cols=\"40\" rows=\"10\" class=\"wpcf7-form-control wpcf7-textarea\" aria-invalid=\"false\"><\/textarea><\/span> <\/label><\/p>\n<div class=\"wpcf7-form-control-wrap\"><div data-sitekey=\"6LdVq5gUAAAAAHgsSoe936KqWOxGmjXLWtbX7Ukf\" class=\"wpcf7-form-control g-recaptcha wpcf7-recaptcha\"><\/div>\n<noscript>\n\t<div style=\"width: 302px; height: 422px;\">\n\t\t<div style=\"width: 302px; height: 422px; position: relative;\">\n\t\t\t<div style=\"width: 302px; height: 422px; position: absolute;\">\n\t\t\t\t<iframe src=\"https:\/\/www.google.com\/recaptcha\/api\/fallback?k=6LdVq5gUAAAAAHgsSoe936KqWOxGmjXLWtbX7Ukf\" frameborder=\"0\" scrolling=\"no\" style=\"width: 302px; height:422px; border-style: none;\">\n\t\t\t\t<\/iframe>\n\t\t\t<\/div>\n\t\t\t<div style=\"width: 300px; height: 60px; border-style: none; bottom: 12px; left: 25px; margin: 0px; padding: 0px; right: 25px; background: #f9f9f9; border: 1px solid #c1c1c1; border-radius: 3px;\">\n\t\t\t\t<textarea id=\"g-recaptcha-response\" name=\"g-recaptcha-response\" class=\"g-recaptcha-response\" style=\"width: 250px; height: 40px; border: 1px solid #c1c1c1; margin: 10px 25px; padding: 0px; resize: none;\">\n\t\t\t\t<\/textarea>\n\t\t\t<\/div>\n\t\t<\/div>\n\t<\/div>\n<\/noscript>\n<\/div>\n<p><input type=\"submit\" value=\"Envoyer\" class=\"wpcf7-form-control wpcf7-submit\" \/><\/p>\n<p style=\"display: none !important;\" class=\"akismet-fields-container\" data-prefix=\"_wpcf7_ak_\"><label>&#916;<textarea name=\"_wpcf7_ak_hp_textarea\" cols=\"45\" rows=\"8\" maxlength=\"100\"><\/textarea><\/label><input type=\"hidden\" id=\"ak_js_1\" name=\"_wpcf7_ak_js\" value=\"118\"\/><script>document.getElementById( \"ak_js_1\" ).setAttribute( \"value\", ( new Date() ).getTime() );<\/script><\/p><div class=\"wpcf7-response-output wpcf7-display-none\"><\/div><\/form><\/div>\n","protected":false},"excerpt":{"rendered":"<p>Objectifs L\u2019objectif majeur de la formation est l\u2019orientation professionnelle, avec confirmation du projet gr\u00e2ce \u00e0 des stages d\u2019acculturation et d\u00e9finition d\u2019un plan d\u2019actions r\u00e9aliste et concret. L\u2019usage des TIC sera g\u00e9n\u00e9ralis\u00e9 dans toutes les \u00e9tapes de la construction du projet (bilans, analyse du march\u00e9 de l\u2019emploi et des secteurs, visualisation des vid\u00e9os m\u00e9tiers, remise \u00e0 &hellip; <\/p>\n<p class=\"link-more\"><a href=\"https:\/\/buzz4job.be\/proforma\/les-tic-au-service-de-lorientation-professionnelle\/\" class=\"more-link\">Continuer la lecture<span class=\"screen-reader-text\"> de &laquo;&nbsp;Les TIC au service de l&rsquo;orientation professionnelle&nbsp;&raquo;<\/span><\/a><\/p>\n","protected":false},"author":1,"featured_media":0,"parent":0,"menu_order":0,"comment_status":"closed","ping_status":"closed","template":"","meta":[],"_links":{"self":[{"href":"https:\/\/buzz4job.be\/proforma\/wp-json\/wp\/v2\/pages\/62"}],"collection":[{"href":"https:\/\/buzz4job.be\/proforma\/wp-json\/wp\/v2\/pages"}],"about":[{"href":"https:\/\/buzz4job.be\/proforma\/wp-json\/wp\/v2\/types\/page"}],"author":[{"embeddable":true,"href":"https:\/\/buzz4job.be\/proforma\/wp-json\/wp\/v2\/users\/1"}],"replies":[{"embeddable":true,"href":"https:\/\/buzz4job.be\/proforma\/wp-json\/wp\/v2\/comments?post=62"}],"version-history":[{"count":31,"href":"https:\/\/buzz4job.be\/proforma\/wp-json\/wp\/v2\/pages\/62\/revisions"}],"predecessor-version":[{"id":706,"href":"https:\/\/buzz4job.be\/proforma\/wp-json\/wp\/v2\/pages\/62\/revisions\/706"}],"wp:attachment":[{"href":"https:\/\/buzz4job.be\/proforma\/wp-json\/wp\/v2\/media?parent=62"}],"curies":[{"name":"wp","href":"https:\/\/api.w.org\/{rel}","templated":true}]}}