{"id":605,"date":"2025-12-17T15:03:35","date_gmt":"2025-12-17T14:03:35","guid":{"rendered":"https:\/\/buzz4job.be\/proforma\/?page_id=605"},"modified":"2025-12-17T15:03:35","modified_gmt":"2025-12-17T14:03:35","slug":"formations-numeriques-de-base-initiation-a-linformatique-tic-metier-digistart","status":"publish","type":"page","link":"https:\/\/buzz4job.be\/proforma\/formations-numeriques-de-base-initiation-a-linformatique-tic-metier-digistart\/","title":{"rendered":"Formations num\u00e9riques de base: Initiation \u00e0 l&rsquo;informatique, TIC m\u00e9tier (DIGISTART)"},"content":{"rendered":"\n<figure class=\"wp-block-image size-full is-resized\"><img decoding=\"async\" loading=\"lazy\" src=\"https:\/\/buzz4job.be\/proforma\/wp-content\/uploads\/2025\/02\/image.png\" alt=\"\" class=\"wp-image-611\" width=\"302\" height=\"122\" srcset=\"https:\/\/buzz4job.be\/proforma\/wp-content\/uploads\/2025\/02\/image.png 1024w, https:\/\/buzz4job.be\/proforma\/wp-content\/uploads\/2025\/02\/image-300x122.png 300w, https:\/\/buzz4job.be\/proforma\/wp-content\/uploads\/2025\/02\/image-768x312.png 768w\" sizes=\"(max-width: 302px) 100vw, 302px\" \/><\/figure>\n\n\n\n<h2 class=\"wp-block-heading\">Objectifs Initiation \u00e0 l&rsquo;informatique<\/h2>\n\n\n\n<p>Sensibiliser et former \u00e0 l\u2019informatique le public des demandeur(euse)s d&#8217;emploi<\/p>\n\n\n\n<ul>\n<li>D\u00e9velopper sa confiance en soi face \u00e0 l\u2019ordinateur<\/li>\n\n\n\n<li>D\u00e9velopper son autonomie<\/li>\n\n\n\n<li>D\u00e9velopper son ind\u00e9pendance<\/li>\n\n\n\n<li>Rester connect\u00e9<\/li>\n\n\n\n<li>Communiquer<\/li>\n<\/ul>\n\n\n\n<p>Apr\u00e8s ce cycle d\u2019initiation dans divers aspects des TIC, les participants seront \u00e0 m\u00eame d\u2019utiliser les outils informatiques pour un usage priv\u00e9 de mani\u00e8re autonome. Ils seront aptes \u00e0 effectuer des recherches et cr\u00e9er des documents concernant leur vie priv\u00e9e et professionnelle.<\/p>\n\n\n\n<h2 class=\"wp-block-heading\">Objectifs TIC m\u00e9tier<\/h2>\n\n\n\n<p>Modules sp\u00e9cifiques \u00e0 l&rsquo;exercice d&rsquo;un m\u00e9tier. Par exemple, l&rsquo;usage de tablettes pour le m\u00e9tiers en milieu hospitalier, l&rsquo;initiation \u00e0 Excel pour les m\u00e9tiers en lien avec la logistique, les techniques avanc\u00e9es en Word pour les m\u00e9tiers administratifs. Nos modules de formation r\u00e9pondent \u00e0 vos besoins TIC sp\u00e9cifiques \u00e0 l&rsquo;exercice de votre m\u00e9tier.<\/p>\n\n\n\n<p><\/p>\n\n\n\n<h2 class=\"wp-block-heading\">Public cible<\/h2>\n\n\n\n<p>Etre demandeur d\u2019emploi inoccup\u00e9 ou b\u00e9n\u00e9ficiaire du revenu d\u2019int\u00e9gration ou de l\u2019aide sociale et r\u00e9pondre \u00e0 l\u2019<strong>un<\/strong> de ces points :<\/p>\n\n\n\n<p>&#8211; \u00eatre demandeur d&#8217;emploi inoccup\u00e9 inscrit au Forem et disposer au maximum du certificat d&rsquo;enseignement secondaire du deuxi\u00e8me degr\u00e9 ou d&rsquo;un titre \u00e9quivalent<br>&#8211; avoir \u00e9t\u00e9 demandeur d&#8217;emploi inoccup\u00e9 inscrit au Foremm pendant une p\u00e9riode d&rsquo;inoccupation d&rsquo;au moins dix-huit mois au cours des vingt-quatre mois qui pr\u00e9c\u00e8dent la date de son entr\u00e9e en formation<br>&#8211; \u00eatre demandeur d&#8217;emploi inoccup\u00e9 inscrit au Forem et ne pas avoir exerc\u00e9 d&rsquo;activit\u00e9 professionnelle pendant les trois ann\u00e9es pr\u00e9c\u00e9dant l&rsquo;entr\u00e9e en formation ni avoir b\u00e9n\u00e9fici\u00e9 d&rsquo;allocations de ch\u00f4mage ou d&rsquo;insertion au cours de cette m\u00eame p\u00e9riode<br>&#8211; \u00eatre un \u00e9tranger qui s\u00e9journe l\u00e9galement sur le territoire belge.<\/p>\n\n\n\n<p>Des d\u00e9rogations sont possibles.<\/p>\n\n\n\n<h2 class=\"wp-block-heading\">Informations utiles<\/h2>\n\n\n\n<p>Dur\u00e9e de la session : 80 heures au maximum<\/p>\n\n\n\n<h2 class=\"wp-block-heading\">Partenariat<\/h2>\n\n\n<div class=\"wp-block-image\">\n<figure class=\"alignright\"><img decoding=\"async\" loading=\"lazy\" width=\"100\" height=\"146\" src=\"https:\/\/buzz4job.be\/proforma\/wp-content\/uploads\/2020\/08\/soutien_v_fr-e1596542130904.png\" alt=\"\" class=\"wp-image-293\"\/><\/figure><\/div>\n\n\n<p>Formation organis\u00e9e avec le soutien de la Wallonie.&nbsp;<\/p>\n\n\n\n<h2 class=\"wp-block-heading\">Programme<\/h2>\n\n\n\n<p>Modularit\u00e9 du programme (avec un maximum de 80h), en fonction des besoins individuels et des acquis diagnostiqu\u00e9s \u00e0 l&rsquo;entr\u00e9e de la formation.<\/p>\n\n\n\n<h2 class=\"wp-block-heading\">Inscription<\/h2>\n\n\n<div role=\"form\" class=\"wpcf7\" id=\"wpcf7-f403-o1\" lang=\"fr-FR\" dir=\"ltr\">\n<div class=\"screen-reader-response\"><\/div>\n<form action=\"\/proforma\/wp-json\/wp\/v2\/pages\/605#wpcf7-f403-o1\" method=\"post\" class=\"wpcf7-form\" novalidate=\"novalidate\">\n<div style=\"display: none;\">\n<input type=\"hidden\" name=\"_wpcf7\" value=\"403\" \/>\n<input type=\"hidden\" name=\"_wpcf7_version\" value=\"5.0.4\" \/>\n<input type=\"hidden\" name=\"_wpcf7_locale\" value=\"fr_FR\" \/>\n<input type=\"hidden\" name=\"_wpcf7_unit_tag\" value=\"wpcf7-f403-o1\" \/>\n<input type=\"hidden\" name=\"_wpcf7_container_post\" value=\"0\" \/>\n<\/div>\n<p><label> Votre nom (obligatoire)<br \/>\n    <span class=\"wpcf7-form-control-wrap your-name\"><input type=\"text\" name=\"your-name\" value=\"\" size=\"40\" class=\"wpcf7-form-control wpcf7-text wpcf7-validates-as-required\" aria-required=\"true\" aria-invalid=\"false\" \/><\/span> <\/label><\/p>\n<p><label> Votre adresse de messagerie (obligatoire)<br \/>\n    <span class=\"wpcf7-form-control-wrap your-email\"><input type=\"email\" name=\"your-email\" value=\"\" size=\"40\" class=\"wpcf7-form-control wpcf7-text wpcf7-email wpcf7-validates-as-required wpcf7-validates-as-email\" aria-required=\"true\" aria-invalid=\"false\" \/><\/span> <\/label><\/p>\n<p><label> Objet<br \/>\n    <span class=\"wpcf7-form-control-wrap your-subject\"><input type=\"text\" name=\"your-subject\" value=\"\" size=\"40\" class=\"wpcf7-form-control wpcf7-text\" aria-invalid=\"false\" \/><\/span> <\/label><\/p>\n<p><label> Votre message<br \/>\n    <span class=\"wpcf7-form-control-wrap your-message\"><textarea name=\"your-message\" cols=\"40\" rows=\"10\" class=\"wpcf7-form-control wpcf7-textarea\" aria-invalid=\"false\"><\/textarea><\/span> <\/label><\/p>\n<div class=\"wpcf7-form-control-wrap\"><div data-sitekey=\"6LdVq5gUAAAAAHgsSoe936KqWOxGmjXLWtbX7Ukf\" class=\"wpcf7-form-control g-recaptcha wpcf7-recaptcha\"><\/div>\n<noscript>\n\t<div style=\"width: 302px; height: 422px;\">\n\t\t<div style=\"width: 302px; height: 422px; position: relative;\">\n\t\t\t<div style=\"width: 302px; height: 422px; position: absolute;\">\n\t\t\t\t<iframe src=\"https:\/\/www.google.com\/recaptcha\/api\/fallback?k=6LdVq5gUAAAAAHgsSoe936KqWOxGmjXLWtbX7Ukf\" frameborder=\"0\" scrolling=\"no\" style=\"width: 302px; height:422px; border-style: none;\">\n\t\t\t\t<\/iframe>\n\t\t\t<\/div>\n\t\t\t<div style=\"width: 300px; height: 60px; border-style: none; bottom: 12px; left: 25px; margin: 0px; padding: 0px; right: 25px; background: #f9f9f9; border: 1px solid #c1c1c1; border-radius: 3px;\">\n\t\t\t\t<textarea id=\"g-recaptcha-response\" name=\"g-recaptcha-response\" class=\"g-recaptcha-response\" style=\"width: 250px; height: 40px; border: 1px solid #c1c1c1; margin: 10px 25px; padding: 0px; resize: none;\">\n\t\t\t\t<\/textarea>\n\t\t\t<\/div>\n\t\t<\/div>\n\t<\/div>\n<\/noscript>\n<\/div>\n<p><input type=\"submit\" value=\"Envoyer\" class=\"wpcf7-form-control wpcf7-submit\" \/><\/p>\n<p style=\"display: none !important;\" class=\"akismet-fields-container\" data-prefix=\"_wpcf7_ak_\"><label>&#916;<textarea name=\"_wpcf7_ak_hp_textarea\" cols=\"45\" rows=\"8\" maxlength=\"100\"><\/textarea><\/label><input type=\"hidden\" id=\"ak_js_1\" name=\"_wpcf7_ak_js\" value=\"196\"\/><script>document.getElementById( \"ak_js_1\" ).setAttribute( \"value\", ( new Date() ).getTime() );<\/script><\/p><div class=\"wpcf7-response-output wpcf7-display-none\"><\/div><\/form><\/div>\n","protected":false},"excerpt":{"rendered":"<p>Objectifs Initiation \u00e0 l&rsquo;informatique Sensibiliser et former \u00e0 l\u2019informatique le public des demandeur(euse)s d&#8217;emploi Apr\u00e8s ce cycle d\u2019initiation dans divers aspects des TIC, les participants seront \u00e0 m\u00eame d\u2019utiliser les outils informatiques pour un usage priv\u00e9 de mani\u00e8re autonome. Ils seront aptes \u00e0 effectuer des recherches et cr\u00e9er des documents concernant leur vie priv\u00e9e et &hellip; <\/p>\n<p class=\"link-more\"><a href=\"https:\/\/buzz4job.be\/proforma\/formations-numeriques-de-base-initiation-a-linformatique-tic-metier-digistart\/\" class=\"more-link\">Continuer la lecture<span class=\"screen-reader-text\"> de &laquo;&nbsp;Formations num\u00e9riques de base: Initiation \u00e0 l&rsquo;informatique, TIC m\u00e9tier (DIGISTART)&nbsp;&raquo;<\/span><\/a><\/p>\n","protected":false},"author":1,"featured_media":0,"parent":0,"menu_order":0,"comment_status":"closed","ping_status":"closed","template":"","meta":[],"_links":{"self":[{"href":"https:\/\/buzz4job.be\/proforma\/wp-json\/wp\/v2\/pages\/605"}],"collection":[{"href":"https:\/\/buzz4job.be\/proforma\/wp-json\/wp\/v2\/pages"}],"about":[{"href":"https:\/\/buzz4job.be\/proforma\/wp-json\/wp\/v2\/types\/page"}],"author":[{"embeddable":true,"href":"https:\/\/buzz4job.be\/proforma\/wp-json\/wp\/v2\/users\/1"}],"replies":[{"embeddable":true,"href":"https:\/\/buzz4job.be\/proforma\/wp-json\/wp\/v2\/comments?post=605"}],"version-history":[{"count":5,"href":"https:\/\/buzz4job.be\/proforma\/wp-json\/wp\/v2\/pages\/605\/revisions"}],"predecessor-version":[{"id":705,"href":"https:\/\/buzz4job.be\/proforma\/wp-json\/wp\/v2\/pages\/605\/revisions\/705"}],"wp:attachment":[{"href":"https:\/\/buzz4job.be\/proforma\/wp-json\/wp\/v2\/media?parent=605"}],"curies":[{"name":"wp","href":"https:\/\/api.w.org\/{rel}","templated":true}]}}