{"id":29,"date":"2021-11-09T10:00:56","date_gmt":"2021-11-09T09:00:56","guid":{"rendered":"http:\/\/buzz4job.be\/proforma\/?page_id=29"},"modified":"2021-11-09T16:50:19","modified_gmt":"2021-11-09T15:50:19","slug":"buzz","status":"publish","type":"page","link":"https:\/\/buzz4job.be\/proforma\/buzz\/","title":{"rendered":"Trouver un emploi en faisant le Buzz"},"content":{"rendered":"<h2>Objectifs<\/h2>\n<p class=\"Normaldossier10-P\"><span class=\"Normaldossier10-H\">La formation combine recherche d\u2019emploi, innovation, prise d\u2019initiative, r\u00e9daction et outil du Web 2.0, dont les r\u00e9seaux sociaux. En parall\u00e8le avec la recherche d&#8217;emploi, les stagiaires vont r\u00e9aliser un blog\/journal reprenant :<\/span><\/p>\n<p class=\"Listepuces-P\"><span class=\"Listepuces-H\"> des interviews de patrons d&rsquo;entreprises, de PME, d&rsquo;initiatives \u00e9mergentes, de responsables d&rsquo;agences int\u00e9rims, interrog\u00e9s sur les qualifications et comp\u00e9tences attendues, la surqualification des offres d&#8217;emploi; <\/span><\/p>\n<p class=\"Listepuces-P\"><span class=\"Listepuces-H\"> des articles concernant la mobilit\u00e9 (\u00ab\u00a0On a test\u00e9 pour vous\u00a0\u00bb le covoiturage, transports en commun, &#8230;); <\/span><\/p>\n<p class=\"Listepuces-P\"><span class=\"Listepuces-H\"> des pr\u00e9sentations des stagiaires (capsules vid\u00e9o) qui mettent en lumi\u00e8re leur personnalit\u00e9, leurs comp\u00e9tences et leur diff\u00e9rence. <\/span><\/p>\n<p class=\"Normaldossier10-P\"><span class=\"Normaldossier10-H\">Le but est de valoriser les personnes par leur savoir-\u00eatre et leur savoir-faire, d&rsquo;attirer l&rsquo;attention sur leurs comp\u00e9tences.<\/span><\/p>\n<p class=\"Normaldossier10-P\"><span class=\"Normaldossier10-H\">Sont vis\u00e9s \u00e9galement, par le biais d&rsquo;une approche journalistique donc objective, le lever de certains freins, la rencontre avec le secteur professionnel, le d\u00e9veloppement de la culture d&rsquo;entreprise, l&rsquo;acquisition de comp\u00e9tences r\u00e9dactionnelles, relationnelles utiles \u00e0 l&rsquo;exercice de leur m\u00e9tier.<\/span><\/p>\n<p class=\"Normaldossier10-P\"><span class=\"Normaldossier10-H\">Enfin, un stage en entreprise est propos\u00e9, afin de renforcer leur chance d&rsquo;insertion.<\/span><\/p>\n<h2>Public cible<\/h2>\n<p class=\"Normaldossier10-P\"><span class=\"Normaldossier10-H\">Etre demandeur(euse) d\u2019emploi ayant besoin d\u2019un accompagnement dans sa recherche d\u2019emploi et <\/span><\/p>\n<p class=\"Listepuces-P\"><span class=\"Listepuces-H\"> Avoir un projet professionnel clairement d\u00e9fini et r\u00e9aliste. <\/span><\/p>\n<p class=\"Listepuces-P\"><span class=\"Listepuces-H\"> Avoir d\u00e9j\u00e0 effectu\u00e9 une recherche d\u2019emploi, sans succ\u00e8s. <\/span><\/p>\n<p class=\"Listepuces-P\"><span class=\"Listepuces-H\"> Avoir l\u2019envie et le besoin de se d\u00e9marquer dans sa recherche d\u2019emploi pour booster celle-ci et augmenter ses chances d\u2019insertion. <\/span><\/p>\n<p class=\"Listepuces-P\"><span class=\"Listepuces-H\"> Avoir envie d\u2019exercer et d\u2019am\u00e9liorer ses comp\u00e9tences r\u00e9dactionnelles et communicatives dans une approche journalistique de sa recherche d\u2019emploi. <\/span><\/p>\n<p class=\"Listepuces-P\"><span class=\"Listepuces-H\"> Avoir envie de se d\u00e9passer, de prouver au monde de l\u2019entreprise ses comp\u00e9tences personnelles et professionnelles dans une d\u00e9marche pro active diffus\u00e9e sur les m\u00e9dias. <\/span><\/p>\n<p class=\"Listepuces-P\"><span class=\"Listepuces-H\">Utilisation courante de l&rsquo;outil informatique, connaissances de base de Windows et de Word. <\/span><\/p>\n<p class=\"Normaldossier10-P\"><span class=\"Normaldossier10-H\">Avoir moins de 64 ans.<\/span><\/p>\n<h2>Informations utiles<\/h2>\n<p class=\"Normal-P\"><span class=\"Normal-H\">Dur\u00e9e de la session\u00a0: 40 jours <\/span><\/p>\n<p>Site de la formation : <a href=\"http:\/\/www.buzz4job.be\" target=\"_blank\" rel=\"noopener\">www.buzz4job.be<\/a><\/p>\n<p>Une convention avec le FOREM permet aux stagiaires d\u2019obtenir un contrat F70 bis qui donne droit au remboursement forfaitaire de leurs frais de transport, une prime de formation professionnelle d\u2019un montant imposable de 1 Eur brut par heure de cours suivie, une intervention forfaitaire imposable dans les frais de cr\u00e8che ou de garderie.<\/p>\n<h2>Partenariat<\/h2>\n<p class=\"Normaldossier10-P\"><span class=\"Normaldossier10-H\">Formation organis\u00e9e en partenariat et avec le soutien de FOREM Conseil dans <\/span><span class=\"Normaldossier10-H\">le cadre de l\u2019accompagnement des ch\u00f4meurs.\u00a0<img decoding=\"async\" loading=\"lazy\" class=\"size-full wp-image-367 alignright\" src=\"https:\/\/buzz4job.be\/proforma\/wp-content\/uploads\/2021\/11\/Logo-Forem-noir2021-e1636472927825.png\" alt=\"\" width=\"148\" height=\"43\" \/><\/span><\/p>\n<p>&nbsp;<\/p>\n<h2>Programme de formation<\/h2>\n<table>\n<tbody>\n<tr>\n<th>Intitul\u00e9<\/th>\n<th>Total en jours<\/th>\n<\/tr>\n<tr>\n<td>Accueil \/ ouverture<\/td>\n<td>0,5<\/td>\n<\/tr>\n<tr>\n<td>Dynamique de groupe<\/td>\n<td>0,5<\/td>\n<\/tr>\n<tr>\n<td>Recherche d\u2019emploi Web 2.0<\/td>\n<td>1,5<\/td>\n<\/tr>\n<tr>\n<td>Strat\u00e9gie de recherche sur le Web<\/td>\n<td>0,5<\/td>\n<\/tr>\n<tr>\n<td>Windows, Word, mail<\/td>\n<td>2,5<\/td>\n<\/tr>\n<tr>\n<td>Communication orale et \u00e9crite<\/td>\n<td>3,5<\/td>\n<\/tr>\n<tr>\n<td>R\u00e9unions de r\u00e9daction<\/td>\n<td>4<\/td>\n<\/tr>\n<tr>\n<td>Interviews de professionnels<\/td>\n<td>1<\/td>\n<\/tr>\n<tr>\n<td>Techniques journalistiques<\/td>\n<td>3<\/td>\n<\/tr>\n<tr>\n<td>Analyse des secteurs professionnels et du march\u00e9 de l\u2019emploi<\/td>\n<td>1,5<\/td>\n<\/tr>\n<tr>\n<td>Techniques de recherche d\u2019emploi<\/td>\n<td>3,5<\/td>\n<\/tr>\n<tr>\n<td>Ateliers de recherche d\u2019emploi et de stage<\/td>\n<td>7<\/td>\n<\/tr>\n<tr>\n<td>Bilans personnels et professionnels<\/td>\n<td>0,5<\/td>\n<\/tr>\n<tr>\n<td>Suivi de groupe<\/td>\n<td>0,5<\/td>\n<\/tr>\n<tr>\n<td>Stage<\/td>\n<td>10<\/td>\n<\/tr>\n<tr>\n<th>TOTAL :<\/th>\n<th>40 jours<\/th>\n<\/tr>\n<\/tbody>\n<\/table>\n<p>&nbsp;<\/p>\n<h2>Inscription<\/h2>\n<div role=\"form\" class=\"wpcf7\" id=\"wpcf7-f84-o1\" lang=\"fr-FR\" dir=\"ltr\">\n<div class=\"screen-reader-response\"><\/div>\n<form action=\"\/proforma\/wp-json\/wp\/v2\/pages\/29#wpcf7-f84-o1\" method=\"post\" class=\"wpcf7-form\" novalidate=\"novalidate\">\n<div style=\"display: none;\">\n<input type=\"hidden\" name=\"_wpcf7\" value=\"84\" \/>\n<input type=\"hidden\" name=\"_wpcf7_version\" value=\"5.0.4\" \/>\n<input type=\"hidden\" name=\"_wpcf7_locale\" value=\"fr_FR\" \/>\n<input type=\"hidden\" name=\"_wpcf7_unit_tag\" value=\"wpcf7-f84-o1\" \/>\n<input type=\"hidden\" name=\"_wpcf7_container_post\" value=\"0\" \/>\n<\/div>\n<p><label> Votre nom (obligatoire)<br \/>\n    <span class=\"wpcf7-form-control-wrap your-name\"><input type=\"text\" name=\"your-name\" value=\"\" size=\"40\" class=\"wpcf7-form-control wpcf7-text wpcf7-validates-as-required\" aria-required=\"true\" aria-invalid=\"false\" \/><\/span> <\/label><\/p>\n<p><label> Votre adresse de messagerie (obligatoire)<br \/>\n    <span class=\"wpcf7-form-control-wrap your-email\"><input type=\"email\" name=\"your-email\" value=\"\" size=\"40\" class=\"wpcf7-form-control wpcf7-text wpcf7-email wpcf7-validates-as-required wpcf7-validates-as-email\" aria-required=\"true\" aria-invalid=\"false\" \/><\/span> <\/label><\/p>\n<p><label> Objet<br \/>\n    <span class=\"wpcf7-form-control-wrap your-subject\"><input type=\"text\" name=\"your-subject\" value=\"\" size=\"40\" class=\"wpcf7-form-control wpcf7-text\" aria-invalid=\"false\" \/><\/span> <\/label><\/p>\n<p><label> Votre message<br \/>\n    <span class=\"wpcf7-form-control-wrap your-message\"><textarea name=\"your-message\" cols=\"40\" rows=\"10\" class=\"wpcf7-form-control wpcf7-textarea\" aria-invalid=\"false\"><\/textarea><\/span> <\/label><\/p>\n<div class=\"wpcf7-form-control-wrap\"><div data-sitekey=\"6LdVq5gUAAAAAHgsSoe936KqWOxGmjXLWtbX7Ukf\" class=\"wpcf7-form-control g-recaptcha wpcf7-recaptcha\"><\/div>\n<noscript>\n\t<div style=\"width: 302px; height: 422px;\">\n\t\t<div style=\"width: 302px; height: 422px; position: relative;\">\n\t\t\t<div style=\"width: 302px; height: 422px; position: absolute;\">\n\t\t\t\t<iframe src=\"https:\/\/www.google.com\/recaptcha\/api\/fallback?k=6LdVq5gUAAAAAHgsSoe936KqWOxGmjXLWtbX7Ukf\" frameborder=\"0\" scrolling=\"no\" style=\"width: 302px; height:422px; border-style: none;\">\n\t\t\t\t<\/iframe>\n\t\t\t<\/div>\n\t\t\t<div style=\"width: 300px; height: 60px; border-style: none; bottom: 12px; left: 25px; margin: 0px; padding: 0px; right: 25px; background: #f9f9f9; border: 1px solid #c1c1c1; border-radius: 3px;\">\n\t\t\t\t<textarea id=\"g-recaptcha-response\" name=\"g-recaptcha-response\" class=\"g-recaptcha-response\" style=\"width: 250px; height: 40px; border: 1px solid #c1c1c1; margin: 10px 25px; padding: 0px; resize: none;\">\n\t\t\t\t<\/textarea>\n\t\t\t<\/div>\n\t\t<\/div>\n\t<\/div>\n<\/noscript>\n<\/div>\n<p><input type=\"submit\" value=\"Envoyer\" class=\"wpcf7-form-control wpcf7-submit\" \/><\/p>\n<p style=\"display: none !important;\" class=\"akismet-fields-container\" data-prefix=\"_wpcf7_ak_\"><label>&#916;<textarea name=\"_wpcf7_ak_hp_textarea\" cols=\"45\" rows=\"8\" maxlength=\"100\"><\/textarea><\/label><input type=\"hidden\" id=\"ak_js_1\" name=\"_wpcf7_ak_js\" value=\"195\"\/><script>document.getElementById( \"ak_js_1\" ).setAttribute( \"value\", ( new Date() ).getTime() );<\/script><\/p><div class=\"wpcf7-response-output wpcf7-display-none\"><\/div><\/form><\/div>\n","protected":false},"excerpt":{"rendered":"<p>Objectifs La formation combine recherche d\u2019emploi, innovation, prise d\u2019initiative, r\u00e9daction et outil du Web 2.0, dont les r\u00e9seaux sociaux. En parall\u00e8le avec la recherche d&#8217;emploi, les stagiaires vont r\u00e9aliser un blog\/journal reprenant : des interviews de patrons d&rsquo;entreprises, de PME, d&rsquo;initiatives \u00e9mergentes, de responsables d&rsquo;agences int\u00e9rims, interrog\u00e9s sur les qualifications et comp\u00e9tences attendues, la surqualification &hellip; <\/p>\n<p class=\"link-more\"><a href=\"https:\/\/buzz4job.be\/proforma\/buzz\/\" class=\"more-link\">Continuer la lecture<span class=\"screen-reader-text\"> de &laquo;&nbsp;Trouver un emploi en faisant le Buzz&nbsp;&raquo;<\/span><\/a><\/p>\n","protected":false},"author":1,"featured_media":0,"parent":0,"menu_order":0,"comment_status":"closed","ping_status":"closed","template":"","meta":[],"_links":{"self":[{"href":"https:\/\/buzz4job.be\/proforma\/wp-json\/wp\/v2\/pages\/29"}],"collection":[{"href":"https:\/\/buzz4job.be\/proforma\/wp-json\/wp\/v2\/pages"}],"about":[{"href":"https:\/\/buzz4job.be\/proforma\/wp-json\/wp\/v2\/types\/page"}],"author":[{"embeddable":true,"href":"https:\/\/buzz4job.be\/proforma\/wp-json\/wp\/v2\/users\/1"}],"replies":[{"embeddable":true,"href":"https:\/\/buzz4job.be\/proforma\/wp-json\/wp\/v2\/comments?post=29"}],"version-history":[{"count":33,"href":"https:\/\/buzz4job.be\/proforma\/wp-json\/wp\/v2\/pages\/29\/revisions"}],"predecessor-version":[{"id":369,"href":"https:\/\/buzz4job.be\/proforma\/wp-json\/wp\/v2\/pages\/29\/revisions\/369"}],"wp:attachment":[{"href":"https:\/\/buzz4job.be\/proforma\/wp-json\/wp\/v2\/media?parent=29"}],"curies":[{"name":"wp","href":"https:\/\/api.w.org\/{rel}","templated":true}]}}