{"id":19,"date":"2019-06-20T12:36:00","date_gmt":"2019-06-20T10:36:00","guid":{"rendered":"http:\/\/buzz4job.be\/proforma\/?page_id=19"},"modified":"2023-11-17T15:01:58","modified_gmt":"2023-11-17T14:01:58","slug":"a-propos","status":"publish","type":"page","link":"https:\/\/buzz4job.be\/proforma\/a-propos\/","title":{"rendered":"A propos"},"content":{"rendered":"<p>ProForma est un Centre d&rsquo;Insertion Professionnelle (CISP D\u00e9fi) qui propose de nombreuses formations gratuites dans le secteur de l\u2019insertion sociale et socioprofessionnelle.<\/p>\n<p>D\u00e9couvrez nos <a href=\"https:\/\/buzz4job.be\/proforma\/formations\/\">formations<\/a>.<\/p>\n<h2>Contact<\/h2>\n<p>Proforma asbl<\/p>\n<p>Rue Hauzeur 10 bte 3 \u00e0 4031 Angleur<\/p>\n<p>04\/224 96 00\u00a0 ou 0474 187 817<\/p>\n<p>info@proforma-asbl.be<\/p>\n<p>Le centre est accessible aux personnes \u00e0 mobilit\u00e9 r\u00e9duite.<\/p>\n<p><a href=\"https:\/\/www.facebook.com\/Asbl.Proforma\/\"><img decoding=\"async\" loading=\"lazy\" class=\"alignnone wp-image-93 size-full\" src=\"https:\/\/buzz4job.be\/proforma\/wp-content\/uploads\/2018\/03\/2000px-F_icon.svg_-e1521660950324.png\" alt=\"\" width=\"50\" height=\"50\" \/>\u00a0<\/a><\/p>\n<p><a href=\"https:\/\/www.facebook.com\/Asbl.Proforma\/\">https:\/\/www.facebook.com\/Asbl.Proforma\/<\/a><\/p>\n<div role=\"form\" class=\"wpcf7\" id=\"wpcf7-f80-o1\" lang=\"fr-FR\" dir=\"ltr\">\n<div class=\"screen-reader-response\"><\/div>\n<form action=\"\/proforma\/wp-json\/wp\/v2\/pages\/19#wpcf7-f80-o1\" method=\"post\" class=\"wpcf7-form\" novalidate=\"novalidate\">\n<div style=\"display: none;\">\n<input type=\"hidden\" name=\"_wpcf7\" value=\"80\" \/>\n<input type=\"hidden\" name=\"_wpcf7_version\" value=\"5.0.4\" \/>\n<input type=\"hidden\" name=\"_wpcf7_locale\" value=\"fr_FR\" \/>\n<input type=\"hidden\" name=\"_wpcf7_unit_tag\" value=\"wpcf7-f80-o1\" \/>\n<input type=\"hidden\" name=\"_wpcf7_container_post\" value=\"0\" \/>\n<\/div>\n<p><label> Votre nom (obligatoire)<br \/>\n    <span class=\"wpcf7-form-control-wrap your-name\"><input type=\"text\" name=\"your-name\" value=\"\" size=\"40\" class=\"wpcf7-form-control wpcf7-text wpcf7-validates-as-required\" aria-required=\"true\" aria-invalid=\"false\" \/><\/span> <\/label><\/p>\n<p><label> Votre adresse de messagerie (obligatoire)<br \/>\n    <span class=\"wpcf7-form-control-wrap your-email\"><input type=\"email\" name=\"your-email\" value=\"\" size=\"40\" class=\"wpcf7-form-control wpcf7-text wpcf7-email wpcf7-validates-as-required wpcf7-validates-as-email\" aria-required=\"true\" aria-invalid=\"false\" \/><\/span> <\/label><\/p>\n<p><label> Objet<br \/>\n    <span class=\"wpcf7-form-control-wrap your-subject\"><input type=\"text\" name=\"your-subject\" value=\"\" size=\"40\" class=\"wpcf7-form-control wpcf7-text\" aria-invalid=\"false\" \/><\/span> <\/label><\/p>\n<p><label> Votre message<br \/>\n    <span class=\"wpcf7-form-control-wrap your-message\"><textarea name=\"your-message\" cols=\"40\" rows=\"10\" class=\"wpcf7-form-control wpcf7-textarea\" aria-invalid=\"false\"><\/textarea><\/span> <\/label><\/p>\n<div class=\"wpcf7-form-control-wrap\"><div data-sitekey=\"6LdVq5gUAAAAAHgsSoe936KqWOxGmjXLWtbX7Ukf\" class=\"wpcf7-form-control g-recaptcha wpcf7-recaptcha\"><\/div>\n<noscript>\n\t<div style=\"width: 302px; height: 422px;\">\n\t\t<div style=\"width: 302px; height: 422px; position: relative;\">\n\t\t\t<div style=\"width: 302px; height: 422px; position: absolute;\">\n\t\t\t\t<iframe src=\"https:\/\/www.google.com\/recaptcha\/api\/fallback?k=6LdVq5gUAAAAAHgsSoe936KqWOxGmjXLWtbX7Ukf\" frameborder=\"0\" scrolling=\"no\" style=\"width: 302px; height:422px; border-style: none;\">\n\t\t\t\t<\/iframe>\n\t\t\t<\/div>\n\t\t\t<div style=\"width: 300px; height: 60px; border-style: none; bottom: 12px; left: 25px; margin: 0px; padding: 0px; right: 25px; background: #f9f9f9; border: 1px solid #c1c1c1; border-radius: 3px;\">\n\t\t\t\t<textarea id=\"g-recaptcha-response\" name=\"g-recaptcha-response\" class=\"g-recaptcha-response\" style=\"width: 250px; height: 40px; border: 1px solid #c1c1c1; margin: 10px 25px; padding: 0px; resize: none;\">\n\t\t\t\t<\/textarea>\n\t\t\t<\/div>\n\t\t<\/div>\n\t<\/div>\n<\/noscript>\n<\/div>\n<p><input type=\"submit\" value=\"Envoyer\" class=\"wpcf7-form-control wpcf7-submit\" \/><\/p>\n<p style=\"display: none !important;\" class=\"akismet-fields-container\" data-prefix=\"_wpcf7_ak_\"><label>&#916;<textarea name=\"_wpcf7_ak_hp_textarea\" cols=\"45\" rows=\"8\" maxlength=\"100\"><\/textarea><\/label><input type=\"hidden\" id=\"ak_js_1\" name=\"_wpcf7_ak_js\" value=\"127\"\/><script>document.getElementById( \"ak_js_1\" ).setAttribute( \"value\", ( new Date() ).getTime() );<\/script><\/p><div class=\"wpcf7-response-output wpcf7-display-none\"><\/div><\/form><\/div>\n<div class=\"_4bl7\"><a id=\"u_jsonp_4_4\" href=\"http:\/\/share.here.com\/r\/mylocation\/e-eyJuYW1lIjoiUHJvZm9ybWEgQXNibCIsImFkZHJlc3MiOiJRdWFpIFRpbW1lcm1hbnMgMTQsIExpXHUwMGU4Z2UiLCJsYXRpdHVkZSI6NTAuNjA3ODgsImxvbmdpdHVkZSI6NS41NTUwMSwicHJvdmlkZXJOYW1lIjoiZmFjZWJvb2siLCJwcm92aWRlcklkIjoxNzMxMDkyMzUwNTMxNTUxfQ==?link=directions&amp;fb_locale=fr_FR&amp;ref=facebook\" target=\"_blank\" rel=\"nofollow noopener\" data-lynx-uri=\"https:\/\/l.facebook.com\/l.php?u=http%3A%2F%2Fshare.here.com%2Fr%2Fmylocation%2Fe-eyJuYW1lIjoiUHJvZm9ybWEgQXNibCIsImFkZHJlc3MiOiJRdWFpIFRpbW1lcm1hbnMgMTQsIExpXHUwMGU4Z2UiLCJsYXRpdHVkZSI6NTAuNjA3ODgsImxvbmdpdHVkZSI6NS41NTUwMSwicHJvdmlkZXJOYW1lIjoiZmFjZWJvb2siLCJwcm92aWRlcklkIjoxNzMxMDkyMzUwNTMxNTUxfQ%3D%3D%3Flink%3Ddirections%26fb_locale%3Dfr_FR%26ref%3Dfacebook&amp;h=ATOIQgb2SXbAk4XYaAF_tA5XhMPCus8I3d5aiVVVTm6hmWEfci4ePlGQLl5cVjId-PbqpU4-3W9v2x9kBaZfEU1ps1vRb2GFx2r-a2YBT0GTxIyS0qWP-Uv50g7XL7KkcfY8n_cVPijfQ7RWXd5YikCbDc0SvcNCsTQnY5lxpvjvVNhCfimLyqlub-1Tn7b6de5jmqO71OsU1OaGYmq2O60RNY0EcGEH4lLGGTnZMk5en5UnKpVMR4UDR8X_C4ob2dpnHClFW2igJ36yFzdZKnBZpsvID86-a3m5pWHbQLIEG8a6X6e3c1_1Bc_u50jkR8_hjWAB_jPa0yxV1KIBiH_KFPNjjxHCuRUO7blsRHqAkfwW-uRmtNvnblHV6RRTBSzO1Mpvio5q7su3bFFvv1WMwUQT-XKmQahfy2QTi0e6DUk7vxQ6rS9Sdv-f0PMhLUHT2Jwf8AeKaNcqdTwNaqaZVYpMb71aDqs_woQLzuduLfxJS8SubaA2yNaSkoZ5T4wclH1sokQXIrj2QX9_ho4OYzxT2He6iDJJMjyj8sUqb5hmu_JeQhBo49VNNHN-NY5M8XK4m-JJGaU\" data-lynx-mode=\"origin\"><button class=\"_42ft _4jy0 _4jy4 _517h _51sy\" type=\"submit\" value=\"1\">Obtenir l\u2019itin\u00e9raire<\/button><\/a><\/div>\n<div><img decoding=\"async\" loading=\"lazy\" class=\"alignnone size-medium wp-image-161\" src=\"https:\/\/buzz4job.be\/proforma\/wp-content\/uploads\/2019\/02\/rue-hauzeur-300x155.png\" alt=\"\" width=\"300\" height=\"155\" srcset=\"https:\/\/buzz4job.be\/proforma\/wp-content\/uploads\/2019\/02\/rue-hauzeur-300x155.png 300w, https:\/\/buzz4job.be\/proforma\/wp-content\/uploads\/2019\/02\/rue-hauzeur-768x397.png 768w, https:\/\/buzz4job.be\/proforma\/wp-content\/uploads\/2019\/02\/rue-hauzeur-1024x529.png 1024w, https:\/\/buzz4job.be\/proforma\/wp-content\/uploads\/2019\/02\/rue-hauzeur.png 1035w\" sizes=\"(max-width: 300px) 100vw, 300px\" \/><\/div>\n<h2>POLITIQUE DE CONFIDENTIALIT\u00c9<br \/>\nProForma ASBL, ci-apr\u00e8s d\u00e9nomm\u00e9e \u00ab l\u2019Institution \u00bb<br \/>\n\u2013 25 mai 2018 \u2013<\/h2>\n<p>Derni\u00e8re mise \u00e0 jour : 24\/09\/2018<br \/>\n________________________________________________________<br \/>\n1. Nous prot\u00e9geons votre vie priv\u00e9e !<br \/>\nL\u2019Institution respecte la loi du 8 d\u00e9cembre 1992 relative \u00e0 la protection de la vie priv\u00e9e \u00e0 l\u2019\u00e9gard des traitements de donn\u00e9es \u00e0 caract\u00e8re personnel ainsi que le R\u00e8glement europ\u00e9en 2016\/679 du Parlement europ\u00e9en et du Conseil du 27 avril 2016 relatif \u00e0 la protection des personnes physiques \u00e0 l&rsquo;\u00e9gard du traitement des donn\u00e9es \u00e0 caract\u00e8re personnel et \u00e0 la libre circulation de ces donn\u00e9es, et abrogeant la directive 95\/46\/CE (R\u00e8glement g\u00e9n\u00e9ral sur la protection des donn\u00e9es &#8211; RGPD).<\/p>\n<p>L\u2019Institution accorde une grande importance \u00e0 la protection ad\u00e9quate des donn\u00e9es qu\u2019elle est amen\u00e9e \u00e0 traiter, et en particulier des donn\u00e9es \u00e0 caract\u00e8re personnel.<\/p>\n<p>Par le biais de cette politique, nous vous informons des principes g\u00e9n\u00e9raux que nous nous sommes fix\u00e9s garantissant la protection de vos donn\u00e9es \u00e0 caract\u00e8re personnel, et que doivent respecter nos collaborateurs.<\/p>\n<p>En particulier, nous veillons \u00e0 prot\u00e9ger les donn\u00e9es \u00e0 caract\u00e8re personnel que vous mettez \u00e0 notre disposition contre :<br \/>\n&#8211; la perte : les donn\u00e9es ne sont plus disponibles ;<br \/>\n&#8211; les fuites : les donn\u00e9es tombent entre de mauvaises mains ;<br \/>\n&#8211; les erreurs : les donn\u00e9es sont incorrectes, p. ex. d\u00e9su\u00e8tes ou incompl\u00e8tes ;<br \/>\n&#8211; l\u2019inaccessibilit\u00e9 : au moment requis, les donn\u00e9es ne sont pas accessibles ;<br \/>\n&#8211; la consultation illicite : la consultation par des personnes qui n\u2019y sont pas autoris\u00e9es ;<br \/>\n&#8211; l\u2019impossibilit\u00e9 de v\u00e9rifier qui consulte les donn\u00e9es, les modifie ou les supprime ;<br \/>\n&#8211; les traitements non conformes \u00e0 la r\u00e9glementation, aux usages et \u00e0 l\u2019\u00e9tat de l\u2019art.<\/p>\n<p>Pour se faire :<br \/>\n&#8211; nous mettons en \u0153uvre la pr\u00e9sente politique sur base d\u2019une gestion des risques ;<br \/>\n&#8211; nous sensibilisons nos collaborateurs internes et externes \u00e0 l\u2019importance du devoir de discr\u00e9tion et de r\u00e9serve, voire de secret professionnel dans la connaissance, la collecte et l\u2019utilisation au sens large de donn\u00e9es personnelles ;<br \/>\n&#8211; nous prenons des mesures techniques et organisationnelles appropri\u00e9es qui permettent de garantir la confidentialit\u00e9 des donn\u00e9es \u00e0 caract\u00e8re personnel et d\u2019emp\u00eacher un acc\u00e8s ou une utilisation non autoris\u00e9s \u00e0 vos donn\u00e9es \u00e0 caract\u00e8re personnel ;<br \/>\n&#8211; nous traitons de fa\u00e7on plus sp\u00e9cifique certains aspects de notre politique de confidentialit\u00e9 dans des r\u00e8glements et contrats sign\u00e9s avec les collaborateurs internes et externes ;<br \/>\n&#8211; nous tenons \u00e0 jour un registre de traitement des donn\u00e9es \u00e0 caract\u00e8re personnel.<\/p>\n<p>La pr\u00e9sente politique est le point de d\u00e9part dont rel\u00e8vent toutes autres directives, r\u00e8gles ou proc\u00e9dures que nous mettons en \u0153uvre pour garantir la confidentialit\u00e9 et l\u2019int\u00e9grit\u00e9 de vos donn\u00e9es personnelles.<\/p>\n<p>Elle peut \u00eatre amen\u00e9e \u00e0 \u00eatre revue ou actualis\u00e9e lorsque des circonstances l\u2019exigent. Nous vous recommandons de la lire attentivement et de la consulter r\u00e9guli\u00e8rement.<\/p>\n<p>1. Qui sommes-nous ?<br \/>\nVos donn\u00e9es sont trait\u00e9es par ProForma ASBL, ayant son si\u00e8ge social Quai Timmermans, 14 au 1er \u00e9tage \u00e0 4000 Li\u00e8ge, inscrit \u00e0 la Banque-Carrefour des Entreprises sous le num\u00e9ro 443.519.137, et repr\u00e9sent\u00e9e par Madame Henry Michelle Administratrice G\u00e9n\u00e9rale.<\/p>\n<p>En tant que responsable du traitement, l\u2019Institution d\u00e9finit la finalit\u00e9 et les moyens du traitement des donn\u00e9es personnelles. Pour plus d\u2019informations, vous pouvez toujours nous contacter \u00e0 l\u2019adresse suivante : v.compere@ulg.ac.be<br \/>\n2. Qu\u2019est-ce que des donn\u00e9es \u00e0 caract\u00e8re personnel ?<br \/>\nLes donn\u00e9es \u00e0 caract\u00e8re personnel sont toutes les informations relatives \u00e0 une personne physique particuli\u00e8re ou identifiable.<\/p>\n<p>Leur traitement consiste en une op\u00e9ration ou une ensemble d\u2019op\u00e9rations effectu\u00e9es ou non \u00e0 l&rsquo;aide de proc\u00e9d\u00e9s automatis\u00e9s et appliqu\u00e9es \u00e0 des donn\u00e9es ou des ensembles de donn\u00e9es \u00e0 caract\u00e8re personnel, telles que la collecte, l&rsquo;enregistrement, l&rsquo;organisation, la structuration, la conservation, l&rsquo;adaptation ou la modification, l&rsquo;extraction, la consultation, l&rsquo;utilisation, la communication par transmission, la diffusion ou toute autre forme de mise \u00e0 disposition, le rapprochement ou l&rsquo;interconnexion, la limitation, l&rsquo;effacement ou la destruction.<br \/>\n3. Quelles donn\u00e9es \u00e0 caract\u00e8re personnel collectons-nous, sur quelle base juridique ou l\u00e9gitime et \u00e0 quelles fins utilisons-nous vos donn\u00e9es ?<br \/>\nNous collectons uniquement les donn\u00e9es personnelles pertinentes et n\u00e9cessaires aux finalit\u00e9s mentionn\u00e9es ci-dessous, et ne les conservons pas plus longtemps que ce qui est strictement n\u00e9cessaire pour r\u00e9aliser ces finalit\u00e9s.<\/p>\n<p>Parmi les donn\u00e9es \u00e0 caract\u00e8re personnel que nous collectons, nous distinguons :<br \/>\n&#8211; Des donn\u00e9es de recrutement et s\u00e9lection (comme CV ou lettre de motivation)<br \/>\n&#8211; Des donn\u00e9es d\u2019identification (comme le nom, le pr\u00e9nom, l\u2019adresse, le num\u00e9ro de t\u00e9l\u00e9phone, l\u2019adresse mail, la fonction, la nationalit\u00e9, la date de naissance ou l\u2019\u00e9tat civil) ;<br \/>\n&#8211; Des donn\u00e9es de comp\u00e9tences (comme le domaine de comp\u00e9tence ou le secteur d\u2019activit\u00e9) ;<br \/>\n&#8211; Des donn\u00e9es relatives au statut de la personne en insertion et\/ou formation (comme le niveau d\u2019\u00e9tude, l\u2019aptitude ou la dur\u00e9e d\u2019inoccupation) ;<br \/>\n&#8211; Des donn\u00e9es administratives (comme le num\u00e9ro de compte bancaire ou TVA, les attestations d\u2019organismes comp\u00e9tents, les justificatifs d\u2019absences) ;<br \/>\n&#8211; Des donn\u00e9es p\u00e9dagogiques (comme le parcours scolaire, le parcours professionnel, le dernier dipl\u00f4me, des certificats\/brevets \u00e9ventuels ou les \u00e9valuations technico-p\u00e9dagogiques) ;<br \/>\n&#8211; Des donn\u00e9es psychosociales d\u2019accompagnement de la personne en insertion et\/ou formation (comme le suivi par un organisme d\u2019aide PMS, la situation familiale, financi\u00e8re ou en mati\u00e8re de logement). Ces donn\u00e9es psychosociales sont soumises au secret professionnel au sein de notre Institution.<br \/>\n&#8211; Donn\u00e9es relatives \u00e0 la s\u00e9curit\u00e9\/sant\u00e9 au travail (comme taille et pointure pour des \u00e9quipements de protection individuelle ou certificat d\u2019aptitude)<\/p>\n<p>Nous traitons les donn\u00e9es personnelles des personnes suivantes :<\/p>\n<p>&#8211; Membres du personnel et candidats (r\u00e9serve de recrutement) :<br \/>\no Donn\u00e9es de recrutement et s\u00e9lection ;<br \/>\no Donn\u00e9es d\u2019identification ;<br \/>\no Donn\u00e9es administratives ;<br \/>\no Donn\u00e9es relatives \u00e0 la s\u00e9curit\u00e9\/sant\u00e9 au travail.<br \/>\nLa finalit\u00e9 du traitement est la gestion sociale et fiscale ainsi que l\u2019organisation des ressources humaines de l\u2019Institution.<br \/>\nCe traitement est n\u00e9cessaire au recrutement et la s\u00e9lection d\u2019un(e) candidat(e), \u00e0 l\u2019ex\u00e9cution du contrat de travail ou d\u2019une convention conclue avec un(e) apprenti(e) ou stagiaire, au respect des obligations l\u00e9gales et contractuelles auxquelles nous sommes soumis, ainsi qu\u2019aux fins de nos int\u00e9r\u00eats l\u00e9gitimes en tant qu\u2019employeur.<\/p>\n<p>&#8211; B\u00e9n\u00e9ficiaires (=usagers des activit\u00e9s agr\u00e9\u00e9es et\/ou subventionn\u00e9es d\u00e9velopp\u00e9es par l\u2019Institution) et candidats (r\u00e9serve de recrutement) :<br \/>\no Donn\u00e9es de recrutement et s\u00e9lection ;<br \/>\no Donn\u00e9e d\u2019identification ;<br \/>\no Donn\u00e9es relatives au statut de la personne ;<br \/>\no Donn\u00e9es administratives ;<br \/>\no Donn\u00e9es p\u00e9dagogiques ;<br \/>\no Donn\u00e9es psychosociales ;<br \/>\no Donn\u00e9es relatives \u00e0 la s\u00e9curit\u00e9\/sant\u00e9 au travail.<br \/>\nLa finalit\u00e9 principale du traitement est de garantir le statut social et les droits sociaux du b\u00e9n\u00e9ficiaire inscrit ou souhaitant s\u2019inscrire \u00e0 nos activit\u00e9s de formation et d\u2019insertion sociale et\/ou professionnelle.<br \/>\nLe traitement se fonde sur le respect de nos obligations l\u00e9gales, d\u00e9cr\u00e9tales, r\u00e9glementaires et\/ou contractuelles en tant qu\u2019op\u00e9rateur agr\u00e9\u00e9 et subventionn\u00e9, sur la n\u00e9cessit\u00e9 d\u2019ex\u00e9cuter le contrat avec le b\u00e9n\u00e9ficiaire ainsi que sur notre int\u00e9r\u00eat l\u00e9gitime en regard de nos missions.<\/p>\n<p>&#8211; Membres de l\u2019assembl\u00e9e g\u00e9n\u00e9rale et administrateurs de l\u2019Institution :<br \/>\no Donn\u00e9es d\u2019identification (personne physique\/morale) ;<br \/>\no Donn\u00e9es administratives ;<br \/>\no Donn\u00e9es de comp\u00e9tences.<br \/>\nLa finalit\u00e9 du traitement est l\u2019organisation des assembl\u00e9es g\u00e9n\u00e9rales et r\u00e9unions du conseil d\u2019administration.<br \/>\nLe traitement se fonde sur le respect de la l\u00e9gislation relative aux ASBL, de nos statuts ainsi que sur notre int\u00e9r\u00eat l\u00e9gitime d\u2019assurer le bon fonctionnement de l\u2019Institution.<\/p>\n<p>&#8211; Partenaires (organismes conventionn\u00e9s, collaborateurs externes, entreprises lieu de stage, prestataires de services, sous-traitants, fournisseurs) :<br \/>\no Donn\u00e9es d\u2019identification et de comp\u00e9tences ;<br \/>\no Donn\u00e9es administratives.<br \/>\nLa finalit\u00e9 du traitement est d\u2019identifier le contact le plus appropri\u00e9 en fonction de la demande.<br \/>\nLe traitement se fonde sur la n\u00e9cessit\u00e9 d\u2019ex\u00e9cuter une convention et notre int\u00e9r\u00eat l\u00e9gitime dans le cadre de la collaboration.<\/p>\n<p>&#8211; Clients commerciaux :<br \/>\no Donn\u00e9es d\u2019identification ;<br \/>\no Donn\u00e9es administratives.<br \/>\nLa finalit\u00e9 du traitement est de garantir aux clients une prestation conforme \u00e0 leurs attentes et assurer le service apr\u00e8s-vente.<br \/>\nCe traitement est n\u00e9cessaire \u00e0 l\u2019ex\u00e9cution d\u2019une convention et repose \u00e9galement sur notre int\u00e9r\u00eat l\u00e9gitime en tant que prestataire de services.<\/p>\n<p>&#8211; Personnes qui s\u2019inscrivent \u00e0 nos \u00e9v\u00e9nements ou \u00e0 notre newsletter :<br \/>\no Donn\u00e9es d\u2019identification et de comp\u00e9tences ;<br \/>\no Donn\u00e9es administratives.<br \/>\nLa finalit\u00e9 du traitement est de pr\u00e9parer, d\u2019ex\u00e9cuter et d\u2019assurer le suivi d\u2019une inscription \u00e0 un \u00e9v\u00e9nement ou l\u2019envoi de notre newsletter. Nous demanderons toujours votre consentement pour enregistrer des donn\u00e9es.<br \/>\nLe traitement se fonde sur la n\u00e9cessit\u00e9 d\u2019ex\u00e9cuter une convention et sur l\u2019int\u00e9r\u00eat l\u00e9gitime de l\u2019Institution en tant qu\u2019organisateur.<\/p>\n<p>&#8211; Personnes que l\u2019on contacte dans le cadre de nos missions et activit\u00e9s (instances publiques, Fonds et fondations, organismes connexes, contacts de presse\u2026) :<br \/>\no Donn\u00e9es d\u2019identification et de comp\u00e9tences.<br \/>\nLa finalit\u00e9 du traitement est la gestion des relations publiques de notre association en vue d\u2019informer de nos activit\u00e9s et services et de pouvoir cr\u00e9er des collaborations n\u00e9cessaires \u00e0 notre bon fonctionnement.<br \/>\nLe traitement se fonde sur le respect des obligations l\u00e9gales auxquelles nous sommes soumis en tant qu\u2019op\u00e9rateur agr\u00e9\u00e9 et subventionn\u00e9 ainsi que sur notre int\u00e9r\u00eat l\u00e9gitime en tant qu\u2019association.<\/p>\n<p>&#8211; Personnes qui nous contactent directement pour utiliser un de nos services :<br \/>\no Donn\u00e9es d\u2019identification et de comp\u00e9tences.<br \/>\nLa finalit\u00e9 du traitement est d\u2019assurer le suivi de votre demande.<br \/>\nLe traitement se fonde sur notre int\u00e9r\u00eat l\u00e9gitime en tant que prestataire de services.<\/p>\n<p>&#8211; Lorsque vous visitez notre site internet :<br \/>\no Certaines donn\u00e9es sur base de cookies que se trouvent sur notre site. Ci-dessous, vous pourrez retrouver nos explications par rapport aux cookies.<br \/>\nLa finalit\u00e9 du traitement est de g\u00e9rer la fonctionnalit\u00e9 de notre internet.<br \/>\nLe traitement se fonde sur notre int\u00e9r\u00eat l\u00e9gitime en tant que prestataire de services.<\/p>\n<p>Qu\u2019est-ce que des \u00ab cookies \u00bb ?<br \/>\nLes cookies sont de petits fichiers textes qui sont enregistr\u00e9s sur votre ordinateur ou votre appareil mobile lorsque vous visitez un site web ou utilisez une application. Le fichier cookie permet d\u2019identifier\/reconna\u00eetre votre navigateur lorsque vous visitez un site en ligne et lors de visites ult\u00e9rieures de ce site. Les cookies peuvent \u00eatre plac\u00e9s par le serveur du site web ou par l\u2019application que vous consultez, mais aussi par les serveurs de tiers qui collaborent avec ce site web ou cette application. Les cookies ne peuvent pas supprimer ou lire des donn\u00e9es de votre disque dur.<br \/>\nVous pouvez refuser ou g\u00e9rer l\u2019installation de cookies via les param\u00e8tres de votre navigateur. Vous pouvez aussi supprimer \u00e0 tout moment les cookies qui sont d\u00e9j\u00e0 install\u00e9s sur votre ordinateur ou votre appareil mobile.<\/p>\n<p>Quels cookies utilise notre site web ?<br \/>\nNotre site internet utilise des cookies fonctionnels (essentiellement des cookies temporaires) pour permettre et\/ou simplifier l\u2019utilisation du site. Vous pouvez d\u00e9sactiver ces cookies par le biais de votre navigateur, mais cela peut affecter n\u00e9gativement le fonctionnement de notre site web. D\u00e8s que vous fermez et quittez votre navigateur ou l\u2019application, ces cookies sont effac\u00e9s.<\/p>\n<p>Les cookies tiers (third-party cookies) sont des cookies qui sont g\u00e9r\u00e9s et install\u00e9s par un tiers (par ex. YouTube, Twitter, Facebook&#8230;). Les cookies tiers ont donc pour cons\u00e9quence que, lorsque vous visitez ou utilisez notre site web, certaines donn\u00e9es pourraient \u00eatre envoy\u00e9es \u00e0 des tiers. Nous vous renvoyons aux d\u00e9clarations que ces tiers postent \u00e0 ce sujet sur leur propre site web : Facebook, Twitter, Google\/Youtube, Vimeo&#8230; Attention : ces d\u00e9clarations sont susceptibles d\u2019\u00eatre modifi\u00e9es r\u00e9guli\u00e8rement.<\/p>\n<p>Via notre site web, des cookies de la soci\u00e9t\u00e9 am\u00e9ricaine Google sont \u00e9galement install\u00e9s, dans le cadre du service \u201cGoogle Analytics\u201d. Nous utilisons ce service pour obtenir des rapports sur la mani\u00e8re dont les internautes utilisent notre site (quelles pages sont consult\u00e9es, \u00e0 quelle fr\u00e9quence, etc.). Les donn\u00e9es sont anonymis\u00e9es, de sorte que l\u2019on ne peut pas remonter par exemple \u00e0 votre adresse IP et que les informations ne sont par exemple pas coupl\u00e9es \u00e0 votre nom, votre adresse, votre adresse e-mail ou autre. Pour plus d\u2019informations, vous pouvez consulter la politique de confidentialit\u00e9 de Google.<br \/>\n1. Comment prot\u00e9geons-nous vos donn\u00e9es personnelles ?<br \/>\nVos donn\u00e9es \u00e0 caract\u00e8re personnel sont trait\u00e9es de fa\u00e7on strictement confidentielle.<\/p>\n<p>Les donn\u00e9es personnelles collect\u00e9es aupr\u00e8s d\u2019un b\u00e9n\u00e9ficiaire dans le cadre d\u2019un accompagnement psychosocial sont en outre soumises au strict respect des r\u00e8gles li\u00e9es \u00e0 la protection du secret professionnel prescrit par l\u2019article 458 du Code p\u00e9nal.<\/p>\n<p>Afin, dans la mesure du possible, d\u2019emp\u00eacher tout acc\u00e8s non autoris\u00e9 aux donn\u00e9es personnelles collect\u00e9es, nous avons \u00e9labor\u00e9 des dispositions en mati\u00e8re de s\u00e9curit\u00e9 et d\u2019organisation. Ces dispositions concernent \u00e0 la fois la collecte et la conservation des donn\u00e9es et s\u2019int\u00e8grent dans les proc\u00e9dures g\u00e9n\u00e9rales de l\u2019Institution.<\/p>\n<p>Ces dispositions s\u2019appliquent \u00e9galement \u00e0 tout sous-traitant auquel nous faisons appel.<br \/>\n2. Comment traitons-nous vos donn\u00e9es et avec qui les partageons-nous \u00e9ventuellement ?<br \/>\nL\u2019acc\u00e8s aux donn\u00e9es personnelles est accord\u00e9 \u00e0 nos collaborateurs habilit\u00e9s, l\u2019acc\u00e8s \u00e0 certaines donn\u00e9es personnelles \u00e9tant n\u00e9cessaire \u00e0 l\u2019exercice de leur fonction.<\/p>\n<p>Ces personnes respectent les conventions r\u00e8glementaires et, le cas \u00e9ch\u00e9ant, des r\u00e8gles de confidentialit\u00e9 suppl\u00e9mentaires par lesquelles ils s\u2019engagent \u00e0 ne jamais utiliser les informations confidentielles \u00e0 toute autre fin que celles de leur mission. Ils s\u2019engagent \u00e9galement, conform\u00e9ment au RGPD et \u00e0 la loi \u00ab vie priv\u00e9e \u00bb, \u00e0 prendre toutes pr\u00e9cautions conformes aux usages et \u00e0 l\u2019\u00e9tat de l\u2019art dans le cadre de leurs attributions afin de prot\u00e9ger la confidentialit\u00e9 des informations auxquelles ils ont acc\u00e8s, et en particulier d\u2019emp\u00eacher qu\u2019elles ne soient communiqu\u00e9es volontairement ou involontairement \u00e0 des personnes non express\u00e9ment autoris\u00e9es \u00e0 recevoir ces informations.<\/p>\n<p>Toute donn\u00e9e \u00e0 caract\u00e8re personnel collect\u00e9e est trait\u00e9e de mani\u00e8re strictement confidentielle et ne peut \u00eatre transmise \u00e0 un organisme tiers que dans la mesure o\u00f9 cela est conforme aux dispositions l\u00e9gales en la mati\u00e8re.<\/p>\n<p>Nous pouvons transmettre des donn\u00e9es personnelles aux destinataires suivants :<br \/>\n&#8211; Au Gouvernement de Wallonie ;<br \/>\n&#8211; Aux Services publics de Wallonie ;<br \/>\n&#8211; Aux Services publics f\u00e9d\u00e9raux ;<br \/>\n&#8211; Aux Services du Fonds Social Europ\u00e9en<br \/>\n&#8211; Aux Services d\u2019inspection ;<br \/>\n&#8211; Le cas \u00e9ch\u00e9ant, \u00e0 notre conseil juridique externe ou \u00e0 un huissier en cas de contentieux ;<br \/>\n&#8211; Le cas \u00e9ch\u00e9ant, \u00e0 des personnes physiques ou morales prestant des services pour notre Institution dans le cadre des finalit\u00e9s vis\u00e9es au point 4 (consultance juridique, \u00e9conomique ou p\u00e9dagogique, organisme conventionn\u00e9, r\u00e9viseurs, notaires, prestataires informatiques, etc.).<\/p>\n<p>Nous ne transmettons pas toujours toutes les donn\u00e9es cit\u00e9es pr\u00e9c\u00e9demment mais uniquement celles dont l\u2019organisme tiers a besoin selon l\u2019objectif du traitement vis\u00e9 au point 4.<\/p>\n<p>En aucun cas nous ne vendons ni ne louons des donn\u00e9es personnelles collect\u00e9es.<\/p>\n<p>Nous pouvons transmettre les donn\u00e9es personnelles \u00e0 la demande de toute autorit\u00e9 l\u00e9galement comp\u00e9tente ou de notre propre initiative si nous estimons de bonne foi que la transmission de ces informations est n\u00e9cessaire afin de respecter les lois ou les r\u00e8glementations ou afin de d\u00e9fendre et\/ou de prot\u00e9ger les droits, les int\u00e9r\u00eats ou les biens de l\u2019Institution et\/ou les v\u00f4tres.<\/p>\n<p>Enfin, aucun traitement de donn\u00e9es personnelles par nous n\u2019implique un transfert de celles-ci vers un pays non membre de l\u2019Espace Economique Europ\u00e9en.<br \/>\n1. Combien de temps conservons-nous vos donn\u00e9es ?<br \/>\nNous conservons les donn\u00e9es \u00e0 caract\u00e8re personnel collect\u00e9es le temps n\u00e9cessaire \u00e0 l\u2019accomplissement des finalit\u00e9s d\u00e9crites au point 4, et aussi longtemps que n\u00e9cessaire :<br \/>\n&#8211; pour la bonne tenue de la r\u00e9serve de recrutement constitu\u00e9e au sein de l\u2019Institution, soit :<br \/>\no cinq ans \u00e0 dater de la fin de la proc\u00e9dure de s\u00e9lection en cas de candidature \u00e0 une offre d\u2019emploi,<br \/>\no cinq ans \u00e0 dater de la r\u00e9ception en cas de candidature spontan\u00e9e \u00e0 un emploi au sein de l\u2019Institution ;<br \/>\n&#8211; pour la bonne tenue de la liste d\u2019attente en vue de s\u2019inscrire en tant que b\u00e9n\u00e9ficiaire \u00e0 nos activit\u00e9s de formation et d\u2019insertion sociale et\/ou professionnelle, soit un an \u00e0 dater de la validation de la demande d\u2019inscription ;<br \/>\n&#8211; pour supprimer les donn\u00e9es apr\u00e8s l\u2019expiration des d\u00e9lais de conservation\/prescription pr\u00e9vus par la loi ;<br \/>\n&#8211; pour remplir les obligations d\u00e9coulant d\u2019un texte de loi, d\u2019une autre r\u00e9glementation ou d\u2019une convention.<br \/>\n1. Quels sont vos droits concernant vos donn\u00e9es personnelles et comment pouvez-vous les exercer ?<br \/>\nToute personne concern\u00e9e par le traitement de certaines de ses donn\u00e9es personnelles par l\u2019Institution, dispose des droits suivant :<br \/>\n&#8211; Vous avez le droit de savoir \u00e0 tout moment quelles sont celles de vos donn\u00e9es personnelles que nous traitons et dans quelle mesure nous les utilisons ;<br \/>\n&#8211; Vous avez toujours le droit de faire rectifier vos donn\u00e9es personnelles ;<br \/>\n&#8211; Vous disposez \u00e9galement d\u2019un droit d&rsquo;opposition, pour motifs graves et l\u00e9gitimes tenant \u00e0 votre situation particuli\u00e8re, au traitement de vos donn\u00e9es personnelles ;<br \/>\n&#8211; Vous avez le droit de nous demander la suppression de vos donn\u00e9es personnelles ou la limitation de leur traitement. Ces droits ne sont toutefois pas absolus. Toute demande sera donc examin\u00e9e au cas par cas. Une suppression de vos donn\u00e9es personnelles peut avoir pour effet que nous ne pourrons plus vous fournir certains produits et services ;<br \/>\n&#8211; Vous avez le droit de nous demander de transf\u00e9rer vos donn\u00e9es personnelles \u00e0 vous ou directement \u00e0 un autre responsable du traitement ;<br \/>\n&#8211; Vous avez le droit de retirer votre consentement \u00e0 tout moment. Le traitement de vos donn\u00e9es avant le retrait du consentement reste toutefois valable.<\/p>\n<p>Vous pouvez exercer ces droits en introduisant une demande \u00e9crite aupr\u00e8s de notre Institution aux coordonn\u00e9es de contact reprises ci-dessous en joignant une copie de votre carte d\u2019identit\u00e9.<\/p>\n<p>Nous vous r\u00e9pondrons dans les meilleurs d\u00e9lais et au plus tard, dans le mois suivant la r\u00e9ception de votre requ\u00eate.<\/p>\n<p>Si vous estimez, \u00e0 un moment donn\u00e9, que nous portons atteinte \u00e0 votre vie priv\u00e9e, vous pouvez \u00e9galement introduire une r\u00e9clamation aupr\u00e8s de l\u2019autorit\u00e9 de contr\u00f4le. En Belgique, il s\u2019agit de l\u2019Autorit\u00e9 de Protection des Donn\u00e9es, sise Rue de la Presse 35 \u00e0 1000 Bruxelles (https:\/\/www.autoriteprotectiondonnees.be\/contact).<br \/>\n1. Nos coordonn\u00e9es de contact<br \/>\nPour toute question ou information compl\u00e9mentaire relative au traitement de vos donn\u00e9es \u00e0 caract\u00e8re personnel ou \u00e0 l\u2019exercice de vos droits, veuillez contacter :<\/p>\n<p>Madame : Val\u00e9rie Comp\u00e8re<br \/>\nFonction : Secr\u00e9taire<br \/>\nAdresse postale : Rue Hauzeur 10 bte 3\u00a0 4031 Angleur<br \/>\nT\u00e9l. de contact : 04\/224.96.00<br \/>\nMail de contact : info@proforma-asbl.be<br \/>\n2. Droit applicable et tribunal comp\u00e9tent<br \/>\nLa pr\u00e9sente d\u00e9claration de confidentialit\u00e9 est r\u00e9gie, expliqu\u00e9e et ex\u00e9cut\u00e9e conform\u00e9ment au droit belge, qui est exclusivement d\u2019application.<\/p>\n<p>Les cours et tribunaux de l\u2019arrondissement de Li\u00e8ge sont seuls comp\u00e9tents pour conna\u00eetre de tout litige qui d\u00e9coulerait de l\u2019interpr\u00e9tation ou de l\u2019ex\u00e9cution de la pr\u00e9sente d\u00e9claration de confidentialit\u00e9.<\/p>\n","protected":false},"excerpt":{"rendered":"<p>ProForma est un Centre d&rsquo;Insertion Professionnelle (CISP D\u00e9fi) qui propose de nombreuses formations gratuites dans le secteur de l\u2019insertion sociale et socioprofessionnelle. D\u00e9couvrez nos formations. Contact Proforma asbl Rue Hauzeur 10 bte 3 \u00e0 4031 Angleur 04\/224 96 00\u00a0 ou 0474 187 817 info@proforma-asbl.be Le centre est accessible aux personnes \u00e0 mobilit\u00e9 r\u00e9duite. \u00a0 https:\/\/www.facebook.com\/Asbl.Proforma\/ &hellip; <\/p>\n<p class=\"link-more\"><a href=\"https:\/\/buzz4job.be\/proforma\/a-propos\/\" class=\"more-link\">Continuer la lecture<span class=\"screen-reader-text\"> de &laquo;&nbsp;A propos&nbsp;&raquo;<\/span><\/a><\/p>\n","protected":false},"author":1,"featured_media":0,"parent":0,"menu_order":0,"comment_status":"closed","ping_status":"closed","template":"","meta":[],"_links":{"self":[{"href":"https:\/\/buzz4job.be\/proforma\/wp-json\/wp\/v2\/pages\/19"}],"collection":[{"href":"https:\/\/buzz4job.be\/proforma\/wp-json\/wp\/v2\/pages"}],"about":[{"href":"https:\/\/buzz4job.be\/proforma\/wp-json\/wp\/v2\/types\/page"}],"author":[{"embeddable":true,"href":"https:\/\/buzz4job.be\/proforma\/wp-json\/wp\/v2\/users\/1"}],"replies":[{"embeddable":true,"href":"https:\/\/buzz4job.be\/proforma\/wp-json\/wp\/v2\/comments?post=19"}],"version-history":[{"count":17,"href":"https:\/\/buzz4job.be\/proforma\/wp-json\/wp\/v2\/pages\/19\/revisions"}],"predecessor-version":[{"id":520,"href":"https:\/\/buzz4job.be\/proforma\/wp-json\/wp\/v2\/pages\/19\/revisions\/520"}],"wp:attachment":[{"href":"https:\/\/buzz4job.be\/proforma\/wp-json\/wp\/v2\/media?parent=19"}],"curies":[{"name":"wp","href":"https:\/\/api.w.org\/{rel}","templated":true}]}}